{"id":9315,"date":"2019-01-16T11:27:07","date_gmt":"2019-01-16T11:27:07","guid":{"rendered":"https:\/\/www.menorcacicloturista.com\/programa\/"},"modified":"2025-04-24T05:31:45","modified_gmt":"2025-04-24T04:31:45","slug":"programa","status":"publish","type":"page","link":"https:\/\/www.menorcacicloturista.com\/en\/programa\/","title":{"rendered":"Program 2024"},"content":{"rendered":"\t\t<div data-elementor-type=\"wp-page\" data-elementor-id=\"9315\" class=\"elementor elementor-9315 elementor-7569\" data-elementor-post-type=\"page\">\n\t\t\t\t<div class=\"elementor-element elementor-element-32019d0 e-flex e-con-boxed e-con e-parent\" data-id=\"32019d0\" data-element_type=\"container\" data-e-type=\"container\">\n\t\t\t\t\t<div class=\"e-con-inner\">\n\t\t<div class=\"elementor-element elementor-element-1af00a4 e-con-full e-flex e-con e-child\" data-id=\"1af00a4\" data-element_type=\"container\" data-e-type=\"container\">\n\t\t\t\t<div class=\"elementor-element elementor-element-8a785b4 elementor-widget elementor-widget-heading\" data-id=\"8a785b4\" data-element_type=\"widget\" data-e-type=\"widget\" data-widget_type=\"heading.default\">\n\t\t\t\t<div class=\"elementor-widget-container\">\n\t\t\t\t\t<h2 class=\"elementor-heading-title elementor-size-default\">PROGRAM 2025<\/h2>\t\t\t\t<\/div>\n\t\t\t\t<\/div>\n\t\t\t\t<div class=\"elementor-element elementor-element-7201bfc elementor-widget elementor-widget-heading\" data-id=\"7201bfc\" data-element_type=\"widget\" data-e-type=\"widget\" data-widget_type=\"heading.default\">\n\t\t\t\t<div class=\"elementor-widget-container\">\n\t\t\t\t\t<p class=\"elementor-heading-title elementor-size-default\">(subject to change)<\/p>\t\t\t\t<\/div>\n\t\t\t\t<\/div>\n\t\t\t\t<div class=\"elementor-element elementor-element-379c399 elementor-widget elementor-widget-heading\" data-id=\"379c399\" data-element_type=\"widget\" data-e-type=\"widget\" data-widget_type=\"heading.default\">\n\t\t\t\t<div class=\"elementor-widget-container\">\n\t\t\t\t\t<h4 class=\"elementor-heading-title elementor-size-default\">Friday, October 17th<\/h4>\t\t\t\t<\/div>\n\t\t\t\t<\/div>\n\t\t\t\t<div class=\"elementor-element elementor-element-618b424 elementor-widget elementor-widget-heading\" data-id=\"618b424\" data-element_type=\"widget\" data-e-type=\"widget\" data-widget_type=\"heading.default\">\n\t\t\t\t<div class=\"elementor-widget-container\">\n\t\t\t\t\t<h3 class=\"elementor-heading-title elementor-size-default\">Prologue stage<\/h3>\t\t\t\t<\/div>\n\t\t\t\t<\/div>\n\t\t\t\t<div class=\"elementor-element elementor-element-62278e6 elementor-widget__width-initial elementor-widget elementor-widget-shortcode\" data-id=\"62278e6\" data-element_type=\"widget\" data-e-type=\"widget\" data-widget_type=\"shortcode.default\">\n\t\t\t\t<div class=\"elementor-widget-container\">\n\t\t\t\t\t\t\t<div class=\"elementor-shortcode\"><iframe src=\"https:\/\/www.google.com\/maps\/d\/embed?mid=1vLkLrEiac2sJfu_EZubyOu9mqOW27hk&amp;hl=ca&amp;ehbc=2E312F\" width=\"640\" height=\"480\" bis_size=\"{&quot;x&quot;:209,&quot;y&quot;:556,&quot;w&quot;:643,&quot;h&quot;:483,&quot;abs_x&quot;:209,&quot;abs_y&quot;:556}\" bis_id=\"fr_mogq9664snlwni6t82x199\" bis_depth=\"0\" bis_chainid=\"1\"><\/iframe><\/div>\n\t\t\t\t\t\t<\/div>\n\t\t\t\t<\/div>\n\t\t\t\t<div class=\"elementor-element elementor-element-f8d17ff elementor-widget elementor-widget-heading\" data-id=\"f8d17ff\" data-element_type=\"widget\" data-e-type=\"widget\" data-widget_type=\"heading.default\">\n\t\t\t\t<div class=\"elementor-widget-container\">\n\t\t\t\t\t<div class=\"elementor-heading-title elementor-size-default\">Prologue Stage Mah\u00f3n-Mah\u00f3n (26.6 km)<\/div>\t\t\t\t<\/div>\n\t\t\t\t<\/div>\n\t\t\t\t<div class=\"elementor-element elementor-element-2c76c96 elementor-widget elementor-widget-heading\" data-id=\"2c76c96\" data-element_type=\"widget\" data-e-type=\"widget\" data-widget_type=\"heading.default\">\n\t\t\t\t<div class=\"elementor-widget-container\">\n\t\t\t\t\t<div class=\"elementor-heading-title elementor-size-default\"><b>15.45 h.<\/b> Departure from Plaza Constituci\u00f3n in Mah\u00f3n. We will go to the port of Mahon and road to La Mola Fortress. Stop at the Fortress of La Mola in front of Vickers Cannon. Return to Plaza Constituci\u00f3n by Carretera de la Mola, passing by Cala Llonga, Muelle de Levante, Poniente and entrance by Cam\u00ed des Castell.<\/div>\t\t\t\t<\/div>\n\t\t\t\t<\/div>\n\t\t\t\t<div class=\"elementor-element elementor-element-95ac728 elementor-widget elementor-widget-heading\" data-id=\"95ac728\" data-element_type=\"widget\" data-e-type=\"widget\" data-widget_type=\"heading.default\">\n\t\t\t\t<div class=\"elementor-widget-container\">\n\t\t\t\t\t<div class=\"elementor-heading-title elementor-size-default\"><b>18:00 h<\/b> Pick up of race bibs at Plaza Constituci\u00f3n<\/div>\t\t\t\t<\/div>\n\t\t\t\t<\/div>\n\t\t\t\t<div class=\"elementor-element elementor-element-186cbb4 elementor-widget elementor-widget-heading\" data-id=\"186cbb4\" data-element_type=\"widget\" data-e-type=\"widget\" data-widget_type=\"heading.default\">\n\t\t\t\t<div class=\"elementor-widget-container\">\n\t\t\t\t\t<h3 class=\"elementor-heading-title elementor-size-default\">Saturday, October 18th<\/h3>\t\t\t\t<\/div>\n\t\t\t\t<\/div>\n\t\t\t\t<div class=\"elementor-element elementor-element-5c30a3a elementor-widget elementor-widget-heading\" data-id=\"5c30a3a\" data-element_type=\"widget\" data-e-type=\"widget\" data-widget_type=\"heading.default\">\n\t\t\t\t<div class=\"elementor-widget-container\">\n\t\t\t\t\t<h3 class=\"elementor-heading-title elementor-size-default\">STAGE 1<\/h3>\t\t\t\t<\/div>\n\t\t\t\t<\/div>\n\t\t\t\t<div class=\"elementor-element elementor-element-514a282 elementor-widget__width-initial elementor-widget elementor-widget-shortcode\" data-id=\"514a282\" data-element_type=\"widget\" data-e-type=\"widget\" data-widget_type=\"shortcode.default\">\n\t\t\t\t<div class=\"elementor-widget-container\">\n\t\t\t\t\t\t\t<div class=\"elementor-shortcode\"><iframe src=\"https:\/\/www.google.com\/maps\/d\/embed?mid=1eCEkJrqHsnCyvZdrhObup_CJJVO8lQo&amp;hl=ca&amp;ehbc=2E312F\" width=\"640\" height=\"480\" bis_size=\"{&quot;x&quot;:209,&quot;y&quot;:1383,&quot;w&quot;:643,&quot;h&quot;:483,&quot;abs_x&quot;:209,&quot;abs_y&quot;:1383}\" bis_id=\"fr_w6yexepbdxzvc8uxbe7g0s\" bis_depth=\"0\" bis_chainid=\"2\"><\/iframe><\/div>\n\t\t\t\t\t\t<\/div>\n\t\t\t\t<\/div>\n\t\t\t\t<div class=\"elementor-element elementor-element-3f03fe6 elementor-widget elementor-widget-heading\" data-id=\"3f03fe6\" data-element_type=\"widget\" data-e-type=\"widget\" data-widget_type=\"heading.default\">\n\t\t\t\t<div class=\"elementor-widget-container\">\n\t\t\t\t\t<div class=\"elementor-heading-title elementor-size-default\">1st Stage: Mah\u00f3n-Mah\u00f3n (94.3 km)<\/div>\t\t\t\t<\/div>\n\t\t\t\t<\/div>\n\t\t\t\t<div class=\"elementor-element elementor-element-5cede66 elementor-widget elementor-widget-heading\" data-id=\"5cede66\" data-element_type=\"widget\" data-e-type=\"widget\" data-widget_type=\"heading.default\">\n\t\t\t\t<div class=\"elementor-widget-container\">\n\t\t\t\t\t<div class=\"elementor-heading-title elementor-size-default\"><b>09.00h <\/b>Departure from Plaza Constituci\u00f3n in Mah\u00f3n towards Me-7, Es Pontarr\u00f3, Binixems, Cam\u00ed d'En Kane, Camino de Subaida, again Me-7, Sa Roca, again Cam\u00ed d'En Kane, Es Mercadal towards Migjorn Gran, Ferreries and ascent to S'Enclusa.<\/div>\t\t\t\t<\/div>\n\t\t\t\t<\/div>\n\t\t\t\t<div class=\"elementor-element elementor-element-e59a190 elementor-widget elementor-widget-heading\" data-id=\"e59a190\" data-element_type=\"widget\" data-e-type=\"widget\" data-widget_type=\"heading.default\">\n\t\t\t\t<div class=\"elementor-widget-container\">\n\t\t\t\t\t<div class=\"elementor-heading-title elementor-size-default\"><b>S\u2019Enclusa:<\/b> liquid and solid refreshments.<\/div>\t\t\t\t<\/div>\n\t\t\t\t<\/div>\n\t\t\t\t<div class=\"elementor-element elementor-element-483cede elementor-widget elementor-widget-heading\" data-id=\"483cede\" data-element_type=\"widget\" data-e-type=\"widget\" data-widget_type=\"heading.default\">\n\t\t\t\t<div class=\"elementor-widget-container\">\n\t\t\t\t\t<div class=\"elementor-heading-title elementor-size-default\">Descend from S'Enclusa towards Es Mercadal, exit at Me-15 and continue along Me-7 to Mah\u00f3n going up the Costa de Ses Piques.<\/div>\t\t\t\t<\/div>\n\t\t\t\t<\/div>\n\t\t\t\t<div class=\"elementor-element elementor-element-f27bcab elementor-widget elementor-widget-heading\" data-id=\"f27bcab\" data-element_type=\"widget\" data-e-type=\"widget\" data-widget_type=\"heading.default\">\n\t\t\t\t<div class=\"elementor-widget-container\">\n\t\t\t\t\t<div class=\"elementor-heading-title elementor-size-default\"><b>Arrival time at <\/b>13:40 h.<\/div>\t\t\t\t<\/div>\n\t\t\t\t<\/div>\n\t\t\t\t<div class=\"elementor-element elementor-element-3dc5350 elementor-widget elementor-widget-heading\" data-id=\"3dc5350\" data-element_type=\"widget\" data-e-type=\"widget\" data-widget_type=\"heading.default\">\n\t\t\t\t<div class=\"elementor-widget-container\">\n\t\t\t\t\t<div class=\"elementor-heading-title elementor-size-default\">Free afternoon<\/div>\t\t\t\t<\/div>\n\t\t\t\t<\/div>\n\t\t\t\t<div class=\"elementor-element elementor-element-51a1813 elementor-widget elementor-widget-heading\" data-id=\"51a1813\" data-element_type=\"widget\" data-e-type=\"widget\" data-widget_type=\"heading.default\">\n\t\t\t\t<div class=\"elementor-widget-container\">\n\t\t\t\t\t<div class=\"elementor-heading-title elementor-size-default\"><b>18:30-20:30 h.<\/b> Open day at the headquarters of Fundaci\u00f3 Ciclisme de Ma\u00f3-Menorca Arturo Sintes in Picafort street, 4, Mah\u00f3n.<\/div>\t\t\t\t<\/div>\n\t\t\t\t<\/div>\n\t\t\t\t<div class=\"elementor-element elementor-element-df8d616 elementor-widget elementor-widget-heading\" data-id=\"df8d616\" data-element_type=\"widget\" data-e-type=\"widget\" data-widget_type=\"heading.default\">\n\t\t\t\t<div class=\"elementor-widget-container\">\n\t\t\t\t\t<h3 class=\"elementor-heading-title elementor-size-default\">Sunday, October 19th<\/h3>\t\t\t\t<\/div>\n\t\t\t\t<\/div>\n\t\t\t\t<div class=\"elementor-element elementor-element-79e3afe elementor-widget elementor-widget-heading\" data-id=\"79e3afe\" data-element_type=\"widget\" data-e-type=\"widget\" data-widget_type=\"heading.default\">\n\t\t\t\t<div class=\"elementor-widget-container\">\n\t\t\t\t\t<h3 class=\"elementor-heading-title elementor-size-default\">STAGE 2<\/h3>\t\t\t\t<\/div>\n\t\t\t\t<\/div>\n\t\t\t\t<div class=\"elementor-element elementor-element-54d6abe elementor-widget__width-initial elementor-widget elementor-widget-shortcode\" data-id=\"54d6abe\" data-element_type=\"widget\" data-e-type=\"widget\" data-widget_type=\"shortcode.default\">\n\t\t\t\t<div class=\"elementor-widget-container\">\n\t\t\t\t\t\t\t<div class=\"elementor-shortcode\"><iframe src=\"https:\/\/www.google.com\/maps\/d\/embed?mid=1Wf4yUv7w2xsAAvX7MvCmUd5hbm2e_B4&amp;hl=ca&amp;ehbc=2E312F\" width=\"640\" height=\"480\" bis_size=\"{&quot;x&quot;:209,&quot;y&quot;:2318,&quot;w&quot;:643,&quot;h&quot;:483,&quot;abs_x&quot;:209,&quot;abs_y&quot;:2318}\" bis_id=\"fr_xx46fu3tajm5dg5zuecyis\" bis_depth=\"0\" bis_chainid=\"3\"><\/iframe><\/div>\n\t\t\t\t\t\t<\/div>\n\t\t\t\t<\/div>\n\t\t\t\t<div class=\"elementor-element elementor-element-137d987 elementor-widget elementor-widget-heading\" data-id=\"137d987\" data-element_type=\"widget\" data-e-type=\"widget\" data-widget_type=\"heading.default\">\n\t\t\t\t<div class=\"elementor-widget-container\">\n\t\t\t\t\t<div class=\"elementor-heading-title elementor-size-default\">2nd Stage: Mah\u00f3n-Monte Toro-Mah\u00f3n (57.5 km)<\/div>\t\t\t\t<\/div>\n\t\t\t\t<\/div>\n\t\t\t\t<div class=\"elementor-element elementor-element-ac1a4dd elementor-widget elementor-widget-heading\" data-id=\"ac1a4dd\" data-element_type=\"widget\" data-e-type=\"widget\" data-widget_type=\"heading.default\">\n\t\t\t\t<div class=\"elementor-widget-container\">\n\t\t\t\t\t<div class=\"elementor-heading-title elementor-size-default\"><b>Companions 08:30 h.<\/b> Departure of the bus to Monte Toro to see the arrival of the cyclists.<\/div>\t\t\t\t<\/div>\n\t\t\t\t<\/div>\n\t\t\t\t<div class=\"elementor-element elementor-element-ae86982 elementor-widget elementor-widget-heading\" data-id=\"ae86982\" data-element_type=\"widget\" data-e-type=\"widget\" data-widget_type=\"heading.default\">\n\t\t\t\t<div class=\"elementor-widget-container\">\n\t\t\t\t\t<div class=\"elementor-heading-title elementor-size-default\"><b>08:45 h.<\/b> Departure from Plaza Constituci\u00f3n continuing through S'Arraval, general road to Ciutadella, passing through Alaior, Es Mercadal and up to Monte Toro.<\/div>\t\t\t\t<\/div>\n\t\t\t\t<\/div>\n\t\t\t\t<div class=\"elementor-element elementor-element-22e82c4 elementor-widget elementor-widget-heading\" data-id=\"22e82c4\" data-element_type=\"widget\" data-e-type=\"widget\" data-widget_type=\"heading.default\">\n\t\t\t\t<div class=\"elementor-widget-container\">\n\t\t\t\t\t<div class=\"elementor-heading-title elementor-size-default\">Monte Toro: liquid and solid food supplies<\/div>\t\t\t\t<\/div>\n\t\t\t\t<\/div>\n\t\t\t\t<div class=\"elementor-element elementor-element-9bb24a2 elementor-widget elementor-widget-heading\" data-id=\"9bb24a2\" data-element_type=\"widget\" data-e-type=\"widget\" data-widget_type=\"heading.default\">\n\t\t\t\t<div class=\"elementor-widget-container\">\n\t\t\t\t\t<div class=\"elementor-heading-title elementor-size-default\">Descent to Es Mercadal and route towards Es Migjorn Gran and at the traffic circle with the Me-16, continue towards Me-1, before arriving in Alaior turn towards Es Polvor\u00ed (Cam\u00ed de Sa Torre d'en Galm\u00e9s), pass through the center of Alaior, Es Cos and Cam\u00ed d'En Kane until the traffic circle of the port of Mah\u00f3n, continue along Muelle de Poniente, Levante and up along Costa d'En Reyn\u00e9s until Plaza Constituci\u00f3n.<\/div>\t\t\t\t<\/div>\n\t\t\t\t<\/div>\n\t\t\t\t<div class=\"elementor-element elementor-element-acb48a2 elementor-widget elementor-widget-heading\" data-id=\"acb48a2\" data-element_type=\"widget\" data-e-type=\"widget\" data-widget_type=\"heading.default\">\n\t\t\t\t<div class=\"elementor-widget-container\">\n\t\t\t\t\t<div class=\"elementor-heading-title elementor-size-default\"><b>Arrival time : <\/b> 12:00 h aprox.<\/div>\t\t\t\t<\/div>\n\t\t\t\t<\/div>\n\t\t\t\t<div class=\"elementor-element elementor-element-9923295 elementor-widget elementor-widget-heading\" data-id=\"9923295\" data-element_type=\"widget\" data-e-type=\"widget\" data-widget_type=\"heading.default\">\n\t\t\t\t<div class=\"elementor-widget-container\">\n\t\t\t\t\t<div class=\"elementor-heading-title elementor-size-default\"><b>13:30h.<\/b> Farewell lunch, presentation of souvenirs and trophies at the fairgrounds in Mah\u00f3n, POIMA (Espai Menorca).\n<\/div>\t\t\t\t<\/div>\n\t\t\t\t<\/div>\n\t\t\t\t<\/div>\n\t\t\t\t\t<\/div>\n\t\t\t\t<\/div>\n\t\t\t\t<\/div>\n\t\t","protected":false},"excerpt":{"rendered":"<p>PROGRAM 2025 (subject to change) Friday, October 17th Prologue stage Prologue Stage Mah\u00f3n-Mah\u00f3n (26.6 km) 15.45 h. Departure from Plaza Constituci\u00f3n in Mah\u00f3n. We will go to the port of Mahon and road to La Mola Fortress. Stop at the Fortress of La Mola in front of Vickers Cannon. Return to Plaza Constituci\u00f3n by Carretera [&hellip;]<\/p>\n","protected":false},"author":1,"featured_media":0,"parent":0,"menu_order":0,"comment_status":"closed","ping_status":"closed","template":"elementor_header_footer","meta":{"footnotes":""},"class_list":["post-9315","page","type-page","status-publish","hentry"],"_links":{"self":[{"href":"https:\/\/www.menorcacicloturista.com\/en\/wp-json\/wp\/v2\/pages\/9315","targetHints":{"allow":["GET"]}}],"collection":[{"href":"https:\/\/www.menorcacicloturista.com\/en\/wp-json\/wp\/v2\/pages"}],"about":[{"href":"https:\/\/www.menorcacicloturista.com\/en\/wp-json\/wp\/v2\/types\/page"}],"author":[{"embeddable":true,"href":"https:\/\/www.menorcacicloturista.com\/en\/wp-json\/wp\/v2\/users\/1"}],"replies":[{"embeddable":true,"href":"https:\/\/www.menorcacicloturista.com\/en\/wp-json\/wp\/v2\/comments?post=9315"}],"version-history":[{"count":0,"href":"https:\/\/www.menorcacicloturista.com\/en\/wp-json\/wp\/v2\/pages\/9315\/revisions"}],"wp:attachment":[{"href":"https:\/\/www.menorcacicloturista.com\/en\/wp-json\/wp\/v2\/media?parent=9315"}],"curies":[{"name":"wp","href":"https:\/\/api.w.org\/{rel}","templated":true}]}}